{"id":58197,"date":"2026-02-11T12:18:22","date_gmt":"2026-02-11T11:18:22","guid":{"rendered":"https:\/\/teatremusical.cat\/espectacle\/soc-lletja\/"},"modified":"2026-06-07T21:58:49","modified_gmt":"2026-06-07T19:58:49","slug":"soc-lletja","status":"publish","type":"espectacle","link":"https:\/\/teatremusical.cat\/cast\/espectacle\/soc-lletja\/","title":{"rendered":"S\u00f3c lletja"},"content":{"rendered":"<p>Tothom s\u2019ha sentit sol en algun momento de la vida. Tothom s\u2019ha sentit incompr\u00e8s i rebutjat pels altres. Tothom, f\u00edsica o espiritualment, s\u2019ha sentit <em>lleig<\/em> i menyspreat pel pro\u00efsme. Tothom ha pensat que la naturalesa \u00e9s injusta perqu\u00e8 no ens ha donat la possibilitat de triar el nostre cos, els nostres ulls, la nostra cara, el nostre car\u00e0cter. Tothom s\u2019ha sentit insultat quan alg\u00fa ens ha dit amb sorna: \u201cla cara \u00e9s el mirall de l\u2019\u00e0nima\u201d. <em>S\u00f3c lletja<\/em> \u00e9s la hist\u00f2ria d\u2019una noia poc agraciada f\u00edsicament que lluita per la seva subsist\u00e8ncia en un m\u00f3n que la rebutja, que la menysprea, que l\u2019empeny a la baixesa i a la vilesa, irremeiablement. \u00c9s una hist\u00f2ria senzilla que no \u00e9s cap drama, perqu\u00e8 la seva protagonista no pot fer <em>absolutament res<\/em> per canviar el decurs dels esdeveniments. \u00c9s una com\u00e8dia perqu\u00e8, per\u00a0 penosa que sigui, la seva desgr\u00e0cia ens fa riure. Per\u00f2 tamb\u00e9 \u00e9s una trag\u00e8dia, perqu\u00e8 hi ha uns d\u00e9us capriciosos que s\u00f3n els que realment manipulen, imp\u00fadics, els fils del dest\u00ed de la protagonista. Uns d\u00e9us que no parlen ni gesticulen amb grandiloq\u00fc\u00e8ncia com els de les trag\u00e8dies gregues, sin\u00f3 que viuen silenciosos a dins de tots nosaltres i marquen inexorablement el cam\u00ed de les nostres vides: <em>els gens.<\/em><\/p>","protected":false},"featured_media":12466,"template":"","meta":{"_acf_changed":true,"_monsterinsights_skip_tracking":false,"_breakdance_hide_in_design_set":false,"_breakdance_tags":""},"class_list":["post-58197","espectacle","type-espectacle","status-publish","has-post-thumbnail","hentry"],"acf":[],"_links":{"self":[{"href":"https:\/\/teatremusical.cat\/cast\/wp-json\/wp\/v2\/espectacle\/58197","targetHints":{"allow":["GET"]}}],"collection":[{"href":"https:\/\/teatremusical.cat\/cast\/wp-json\/wp\/v2\/espectacle"}],"about":[{"href":"https:\/\/teatremusical.cat\/cast\/wp-json\/wp\/v2\/types\/espectacle"}],"wp:featuredmedia":[{"embeddable":true,"href":"https:\/\/teatremusical.cat\/cast\/wp-json\/wp\/v2\/media\/12466"}],"wp:attachment":[{"href":"https:\/\/teatremusical.cat\/cast\/wp-json\/wp\/v2\/media?parent=58197"}],"curies":[{"name":"wp","href":"https:\/\/api.w.org\/{rel}","templated":true}]}}